{"id":2,"date":"2021-01-21T18:06:36","date_gmt":"2021-01-21T17:06:36","guid":{"rendered":"https:\/\/alain.favier.org\/?page_id=2"},"modified":"2021-03-02T16:43:30","modified_gmt":"2021-03-02T15:43:30","slug":"page-d-exemple","status":"publish","type":"page","link":"https:\/\/alain.favier.org\/index.php\/page-d-exemple\/","title":{"rendered":"A propos"},"content":{"rendered":"\n<p>Il est d\u2019usage de se pr\u00e9senter sur un blog. En ce qui me concerne je vais laisser le soin \u00e0 mon Papy de le faire car je sais qu\u2019il sera, comme \u00e0 l\u2019accoutum\u00e9, tr\u00e8s objectif &#8230; et donc dithyrambique.<\/p>\n\n\n\n<figure class=\"wp-block-image size-large is-resized\"><img loading=\"lazy\" decoding=\"async\" src=\"https:\/\/alain.favier.org\/wp-content\/uploads\/2021\/01\/depositphotos_48665001-stock-illustration-bride-in-wedding-dress.jpg\" alt=\"\" class=\"wp-image-73\" width=\"256\" height=\"256\" srcset=\"https:\/\/alain.favier.org\/wp-content\/uploads\/2021\/01\/depositphotos_48665001-stock-illustration-bride-in-wedding-dress.jpg 1023w, https:\/\/alain.favier.org\/wp-content\/uploads\/2021\/01\/depositphotos_48665001-stock-illustration-bride-in-wedding-dress-300x300.jpg 300w, https:\/\/alain.favier.org\/wp-content\/uploads\/2021\/01\/depositphotos_48665001-stock-illustration-bride-in-wedding-dress-100x100.jpg 100w, https:\/\/alain.favier.org\/wp-content\/uploads\/2021\/01\/depositphotos_48665001-stock-illustration-bride-in-wedding-dress-600x600.jpg 600w, https:\/\/alain.favier.org\/wp-content\/uploads\/2021\/01\/depositphotos_48665001-stock-illustration-bride-in-wedding-dress-150x150.jpg 150w, https:\/\/alain.favier.org\/wp-content\/uploads\/2021\/01\/depositphotos_48665001-stock-illustration-bride-in-wedding-dress-768x768.jpg 768w\" sizes=\"auto, (max-width: 256px) 100vw, 256px\" \/><\/figure>\n\n\n\n<h3 class=\"has-virtue-primary-color has-text-color wp-block-heading\">De Hautepierre \u00e0 Fischart, quelle \u00e9volution en 10 ans!<\/h3>\n\n\n\n<blockquote class=\"wp-block-quote is-layout-flow wp-block-quote-is-layout-flow\"><p>N\u00e9e en f\u00e9vrier 2011 \u00e0 l\u2019h\u00f4pital de Hautepierre, \u00c9lise va accomplir un parcours hors du commun. Comme la plupart des enfants de son \u00e2ge \u00c9lise va se lancer dans le dessin mais chez elle, la passion s&rsquo;installe. Bien qu\u2019il ne soit pas possible de dessiner sur les murs \u00e0 la maison, va savoir pourquoi&nbsp;?, tout est bon pour faire un croquis, un crayon, un feutre, un vieux morceau de papier et c\u2019est parti, la cr\u00e9ation est en marche.<\/p><\/blockquote>\n\n\n\n<p><\/p>\n\n\n\n<blockquote class=\"wp-block-quote is-layout-flow wp-block-quote-is-layout-flow\"><p>Apr\u00e8s quelles ann\u00e9es d\u2019entrainement, elle se lance dans la mode et c\u2019est tout de suite un immense succ\u00e8s. Sa collection 2019 est un triomphe tant \u00e0 Paris qu\u2019\u00e0 New York.  La presse internationale l\u2019encense.<\/p><\/blockquote>\n\n\n\n<p><\/p>\n\n\n\n<blockquote class=\"wp-block-quote is-layout-flow wp-block-quote-is-layout-flow\"><p>En 2020, la covid \u00e9tant l\u00e0 et confinement oblige, les possibilit\u00e9s&nbsp; d\u2019expression se font rares. Mais, avec son manager, son fr\u00e8re Cl\u00e9ment, ils ont l\u2019id\u00e9e g\u00e9niale de cr\u00e9er un mus\u00e9e \u00e0 domicile dans lequel elle va pouvoir exposer une partie de ses \u0153uvres. Seule la presse locale va se faire l\u2019\u00e9cho de cette exposition, mais c\u2019est le d\u00e9clic qui va la conduire \u00e0 l\u2019exposition 2021 qui a lieu en ce moment \u00e0 la galerie Baldner et dont le succ\u00e8s ne fait aucun doute, celle-ci \u00e9tant cette fois largement couverte par la presse.<\/p><\/blockquote>\n\n\n\n<blockquote class=\"wp-block-quote is-layout-flow wp-block-quote-is-layout-flow\"><p>\u00c9lise est par ailleurs une artiste multidisciplinaire puisqu\u2019elle pratique aussi la danse et joue du violon. N\u2019oublions pas le sport et la fameuse troisi\u00e8me \u00e9toile ramen\u00e9e des M\u00e9nuires en f\u00e9vrier 2020. <\/p><p>\u00c9lise est donc une jeune fille qui a de nombreuses cordes \u00e0 son arc, mais qui pour l\u2019instant privil\u00e9gie, \u00e0 juste titre, ses \u00e9tudes o\u00f9 elle brille comme dans tous les autres domaines.<\/p><\/blockquote>\n\n\n\n<p><\/p>\n\n\n\n<p><\/p>\n","protected":false},"excerpt":{"rendered":"<p>Il est d\u2019usage de se pr\u00e9senter sur un blog. En ce qui me concerne je vais laisser le soin \u00e0 mon Papy de le faire car je sais qu\u2019il sera, comme \u00e0 l\u2019accoutum\u00e9, tr\u00e8s objectif &#8230; et donc dithyrambique. De &hellip; <a href=\"https:\/\/alain.favier.org\/index.php\/page-d-exemple\/\">Lire la suite\u00ad\u00ad<\/a><\/p>\n","protected":false},"author":1,"featured_media":0,"parent":0,"menu_order":0,"comment_status":"closed","ping_status":"open","template":"page-feature.php","meta":{"footnotes":""},"class_list":["post-2","page","type-page","status-publish","hentry"],"_links":{"self":[{"href":"https:\/\/alain.favier.org\/index.php\/wp-json\/wp\/v2\/pages\/2","targetHints":{"allow":["GET"]}}],"collection":[{"href":"https:\/\/alain.favier.org\/index.php\/wp-json\/wp\/v2\/pages"}],"about":[{"href":"https:\/\/alain.favier.org\/index.php\/wp-json\/wp\/v2\/types\/page"}],"author":[{"embeddable":true,"href":"https:\/\/alain.favier.org\/index.php\/wp-json\/wp\/v2\/users\/1"}],"replies":[{"embeddable":true,"href":"https:\/\/alain.favier.org\/index.php\/wp-json\/wp\/v2\/comments?post=2"}],"version-history":[{"count":11,"href":"https:\/\/alain.favier.org\/index.php\/wp-json\/wp\/v2\/pages\/2\/revisions"}],"predecessor-version":[{"id":1360,"href":"https:\/\/alain.favier.org\/index.php\/wp-json\/wp\/v2\/pages\/2\/revisions\/1360"}],"wp:attachment":[{"href":"https:\/\/alain.favier.org\/index.php\/wp-json\/wp\/v2\/media?parent=2"}],"curies":[{"name":"wp","href":"https:\/\/api.w.org\/{rel}","templated":true}]}}